{"id":18872,"date":"2026-09-01T15:18:45","date_gmt":"2026-09-01T13:18:45","guid":{"rendered":"https:\/\/flf-shop.lu\/?post_type=product&#038;p=18872"},"modified":"2026-09-01T15:18:47","modified_gmt":"2026-09-01T13:18:47","slug":"maillot-gardien-exterieur-enfant-2","status":"publish","type":"product","link":"https:\/\/flf-shop.lu\/?product=maillot-gardien-exterieur-enfant-2","title":{"rendered":"MAILLOT GARDIEN EXTERIEUR ENFANT"},"content":{"rendered":"<p class=\"PDq2pG_selectionAnchorContainer\" data-start=\"19\" data-end=\"308\">Le maillot gardien ext\u00e9rieur du Luxembourg pour enfants arbore une combinaison vert fonc\u00e9 et blanc qui lui conf\u00e8re une identit\u00e9 sportive et distinctive. Son design se caract\u00e9rise par une structure travaill\u00e9e dans le dos ainsi que par des d\u00e9tails contrast\u00e9s au niveau du col et des manches.<\/p>\n<p data-start=\"310\" data-end=\"552\">Le col polo apporte une finition soign\u00e9e et renforce le caract\u00e8re du mod\u00e8le. Sur la poitrine, les armoiries du Luxembourg sont repr\u00e9sent\u00e9es sous la forme d\u2019un badge brod\u00e9 de haute qualit\u00e9, affirmant clairement le lien avec l\u2019\u00e9quipe nationale.<\/p>\n<p data-start=\"554\" data-end=\"788\">Confectionn\u00e9 en polyester Micro-Mesh 100 % recycl\u00e9, le maillot offre une structure l\u00e9g\u00e8re adapt\u00e9e \u00e0 la pratique du football. Son design fonctionnel et ses contrastes marqu\u00e9s permettent au jeune gardien de se distinguer sur le terrain.<\/p>\n<p data-start=\"790\" data-end=\"865\">Pour les tailles des produits, veuillez vous r\u00e9f\u00e9rer au tableau ci-dessous.<\/p>\n","protected":false},"excerpt":{"rendered":"<p>Exp\u00e9dition des commandes non personnalis\u00e9es \u00e0 partir du 15 septembre.<\/p>\n","protected":false},"featured_media":19104,"template":"","meta":{"ocean_front_end_style_editor":"no","ocean_post_layout":"","ocean_both_sidebars_style":"","ocean_both_sidebars_content_width":0,"ocean_both_sidebars_sidebars_width":0,"ocean_sidebar":"0","ocean_second_sidebar":"0","ocean_disable_margins":"enable","ocean_add_body_class":"","ocean_shortcode_before_top_bar":"","ocean_shortcode_after_top_bar":"","ocean_shortcode_before_header":"","ocean_shortcode_after_header":"","ocean_has_shortcode":"","ocean_shortcode_after_title":"","ocean_shortcode_before_footer_widgets":"","ocean_shortcode_after_footer_widgets":"","ocean_shortcode_before_footer_bottom":"","ocean_shortcode_after_footer_bottom":"","ocean_display_top_bar":"default","ocean_display_header":"default","ocean_header_style":"","ocean_center_header_left_menu":"0","ocean_custom_header_template":"0","ocean_custom_logo":0,"ocean_custom_retina_logo":0,"ocean_custom_logo_max_width":0,"ocean_custom_logo_tablet_max_width":0,"ocean_custom_logo_mobile_max_width":0,"ocean_custom_logo_max_height":0,"ocean_custom_logo_tablet_max_height":0,"ocean_custom_logo_mobile_max_height":0,"ocean_header_custom_menu":"0","ocean_menu_typo_font_family":"0","ocean_menu_typo_font_subset":"","ocean_menu_typo_font_size":0,"ocean_menu_typo_font_size_tablet":0,"ocean_menu_typo_font_size_mobile":0,"ocean_menu_typo_font_size_unit":"px","ocean_menu_typo_font_weight":"","ocean_menu_typo_font_weight_tablet":"","ocean_menu_typo_font_weight_mobile":"","ocean_menu_typo_transform":"","ocean_menu_typo_transform_tablet":"","ocean_menu_typo_transform_mobile":"","ocean_menu_typo_line_height":0,"ocean_menu_typo_line_height_tablet":0,"ocean_menu_typo_line_height_mobile":0,"ocean_menu_typo_line_height_unit":"","ocean_menu_typo_spacing":0,"ocean_menu_typo_spacing_tablet":0,"ocean_menu_typo_spacing_mobile":0,"ocean_menu_typo_spacing_unit":"","ocean_menu_link_color":"","ocean_menu_link_color_hover":"","ocean_menu_link_color_active":"","ocean_menu_link_background":"","ocean_menu_link_hover_background":"","ocean_menu_link_active_background":"","ocean_menu_social_links_bg":"","ocean_menu_social_hover_links_bg":"","ocean_menu_social_links_color":"","ocean_menu_social_hover_links_color":"","ocean_disable_title":"default","ocean_disable_heading":"default","ocean_post_title":"","ocean_post_subheading":"","ocean_post_title_style":"","ocean_post_title_background_color":"","ocean_post_title_background":0,"ocean_post_title_bg_image_position":"","ocean_post_title_bg_image_attachment":"","ocean_post_title_bg_image_repeat":"","ocean_post_title_bg_image_size":"","ocean_post_title_height":0,"ocean_post_title_bg_overlay":0.5,"ocean_post_title_bg_overlay_color":"","ocean_disable_breadcrumbs":"default","ocean_breadcrumbs_color":"","ocean_breadcrumbs_separator_color":"","ocean_breadcrumbs_links_color":"","ocean_breadcrumbs_links_hover_color":"","ocean_display_footer_widgets":"default","ocean_display_footer_bottom":"default","ocean_custom_footer_template":"0","osp_disable_panel":"default"},"product_brand":[],"product_cat":[151,176],"product_tag":[479,477],"class_list":["post-18872","product","type-product","status-publish","has-post-thumbnail","product_cat-maillot-de-match","product_cat-personnalisable","product_tag-lionnes-rouges","product_tag-lions-rouges","entry","has-media","tm-has-options","first","instock","taxable","shipping-taxable","purchasable","product-type-variable","has-product-nav","col","span_1_of_3","owp-content-center","owp-thumbs-layout-horizontal","owp-btn-normal","owp-tabs-layout-horizontal"],"bundled_by":[],"bundle_stock_status":"instock","bundle_stock_quantity":1,"bundle_virtual":false,"bundle_layout":"","bundle_add_to_cart_form_location":"","bundle_editable_in_cart":false,"bundle_sold_individually_context":"","bundle_item_grouping":"","bundle_min_size":"","bundle_max_size":"","bundle_price":[],"bundled_items":[],"bundle_sell_ids":[],"yoast_head":"<!-- This site is optimized with the Yoast SEO plugin v28.3 - https:\/\/yoast.com\/product\/yoast-seo-wordpress\/ -->\n<title>MAILLOT GARDIEN EXTERIEUR ENFANT - flf-shop.lu<\/title>\n<meta name=\"description\" content=\"Maillot gardien ext\u00e9rieur vert fonc\u00e9 et blanc du Luxembourg pour enfants.\" \/>\n<meta name=\"robots\" content=\"index, follow, max-snippet:-1, max-image-preview:large, max-video-preview:-1\" \/>\n<link rel=\"canonical\" href=\"https:\/\/flf-shop.lu\/?product=maillot-gardien-exterieur-enfant-2\" \/>\n<meta property=\"og:locale\" content=\"fr_FR\" \/>\n<meta property=\"og:type\" content=\"article\" \/>\n<meta property=\"og:title\" content=\"MAILLOT GARDIEN EXTERIEUR ENFANT - flf-shop.lu\" \/>\n<meta property=\"og:description\" content=\"Maillot gardien ext\u00e9rieur vert fonc\u00e9 et blanc du Luxembourg pour enfants.\" \/>\n<meta property=\"og:url\" content=\"https:\/\/flf-shop.lu\/?product=maillot-gardien-exterieur-enfant-2\" \/>\n<meta property=\"og:site_name\" content=\"flf-shop.lu\" \/>\n<meta property=\"article:publisher\" content=\"https:\/\/www.facebook.com\/FLF.lu\" \/>\n<meta property=\"article:modified_time\" content=\"2026-09-01T13:18:47+00:00\" \/>\n<meta property=\"og:image\" content=\"https:\/\/flf-shop.lu\/wp-content\/uploads\/2026\/08\/maillotfacevertJAKO.webp\" \/>\n\t<meta property=\"og:image:width\" content=\"1086\" \/>\n\t<meta property=\"og:image:height\" content=\"1448\" \/>\n\t<meta property=\"og:image:type\" content=\"image\/webp\" \/>\n<meta name=\"twitter:card\" content=\"summary_large_image\" \/>\n<meta name=\"twitter:label1\" content=\"Dur\u00e9e de lecture estim\u00e9e\" \/>\n\t<meta name=\"twitter:data1\" content=\"1 minute\" \/>\n<script type=\"application\/ld+json\" class=\"yoast-schema-graph\">{\"@context\":\"https:\\\/\\\/schema.org\",\"@graph\":[{\"@type\":\"WebPage\",\"@id\":\"https:\\\/\\\/flf-shop.lu\\\/?product=maillot-gardien-exterieur-enfant-2\",\"url\":\"https:\\\/\\\/flf-shop.lu\\\/?product=maillot-gardien-exterieur-enfant-2\",\"name\":\"MAILLOT GARDIEN EXTERIEUR ENFANT - flf-shop.lu\",\"isPartOf\":{\"@id\":\"https:\\\/\\\/flf-shop.lu\\\/#website\"},\"primaryImageOfPage\":{\"@id\":\"https:\\\/\\\/flf-shop.lu\\\/?product=maillot-gardien-exterieur-enfant-2#primaryimage\"},\"image\":{\"@id\":\"https:\\\/\\\/flf-shop.lu\\\/?product=maillot-gardien-exterieur-enfant-2#primaryimage\"},\"thumbnailUrl\":\"https:\\\/\\\/i0.wp.com\\\/flf-shop.lu\\\/wp-content\\\/uploads\\\/2026\\\/08\\\/maillotfacevertJAKO.webp?fit=1086%2C1448&quality=80&ssl=1\",\"datePublished\":\"2026-09-01T13:18:45+00:00\",\"dateModified\":\"2026-09-01T13:18:47+00:00\",\"description\":\"Maillot gardien ext\u00e9rieur vert fonc\u00e9 et blanc du Luxembourg pour enfants.\",\"breadcrumb\":{\"@id\":\"https:\\\/\\\/flf-shop.lu\\\/?product=maillot-gardien-exterieur-enfant-2#breadcrumb\"},\"inLanguage\":\"fr-FR\",\"potentialAction\":[{\"@type\":\"ReadAction\",\"target\":[\"https:\\\/\\\/flf-shop.lu\\\/?product=maillot-gardien-exterieur-enfant-2\"]}]},{\"@type\":\"ImageObject\",\"inLanguage\":\"fr-FR\",\"@id\":\"https:\\\/\\\/flf-shop.lu\\\/?product=maillot-gardien-exterieur-enfant-2#primaryimage\",\"url\":\"https:\\\/\\\/i0.wp.com\\\/flf-shop.lu\\\/wp-content\\\/uploads\\\/2026\\\/08\\\/maillotfacevertJAKO.webp?fit=1086%2C1448&quality=80&ssl=1\",\"contentUrl\":\"https:\\\/\\\/i0.wp.com\\\/flf-shop.lu\\\/wp-content\\\/uploads\\\/2026\\\/08\\\/maillotfacevertJAKO.webp?fit=1086%2C1448&quality=80&ssl=1\",\"width\":1086,\"height\":1448},{\"@type\":\"BreadcrumbList\",\"@id\":\"https:\\\/\\\/flf-shop.lu\\\/?product=maillot-gardien-exterieur-enfant-2#breadcrumb\",\"itemListElement\":[{\"@type\":\"ListItem\",\"position\":1,\"name\":\"Accueil\",\"item\":\"https:\\\/\\\/flf-shop.lu\\\/\"},{\"@type\":\"ListItem\",\"position\":2,\"name\":\"Boutique\",\"item\":\"https:\\\/\\\/flf-shop.lu\\\/?page_id=11833\"},{\"@type\":\"ListItem\",\"position\":3,\"name\":\"MAILLOT GARDIEN EXTERIEUR ENFANT\"}]},{\"@type\":\"WebSite\",\"@id\":\"https:\\\/\\\/flf-shop.lu\\\/#website\",\"url\":\"https:\\\/\\\/flf-shop.lu\\\/\",\"name\":\"flf-shop.lu\",\"description\":\"Rejoins la team Roude L\u00e9iw !\",\"publisher\":{\"@id\":\"https:\\\/\\\/flf-shop.lu\\\/#organization\"},\"potentialAction\":[{\"@type\":\"SearchAction\",\"target\":{\"@type\":\"EntryPoint\",\"urlTemplate\":\"https:\\\/\\\/flf-shop.lu\\\/?s={search_term_string}\"},\"query-input\":{\"@type\":\"PropertyValueSpecification\",\"valueRequired\":true,\"valueName\":\"search_term_string\"}}],\"inLanguage\":\"fr-FR\"},{\"@type\":\"Organization\",\"@id\":\"https:\\\/\\\/flf-shop.lu\\\/#organization\",\"name\":\"flf-shop.lu\",\"url\":\"https:\\\/\\\/flf-shop.lu\\\/\",\"logo\":{\"@type\":\"ImageObject\",\"inLanguage\":\"fr-FR\",\"@id\":\"https:\\\/\\\/flf-shop.lu\\\/#\\\/schema\\\/logo\\\/image\\\/\",\"url\":\"https:\\\/\\\/i0.wp.com\\\/flf-shop.lu\\\/wp-content\\\/uploads\\\/2024\\\/06\\\/cropped-231117_LUXEMBOURG-CREST_FULL-COL_CMYK-01-1.webp?fit=512%2C512&quality=80&ssl=1\",\"contentUrl\":\"https:\\\/\\\/i0.wp.com\\\/flf-shop.lu\\\/wp-content\\\/uploads\\\/2024\\\/06\\\/cropped-231117_LUXEMBOURG-CREST_FULL-COL_CMYK-01-1.webp?fit=512%2C512&quality=80&ssl=1\",\"width\":512,\"height\":512,\"caption\":\"flf-shop.lu\"},\"image\":{\"@id\":\"https:\\\/\\\/flf-shop.lu\\\/#\\\/schema\\\/logo\\\/image\\\/\"},\"sameAs\":[\"https:\\\/\\\/www.facebook.com\\\/FLF.lu\",\"https:\\\/\\\/www.instagram.com\\\/flf.lu\\\/\"]}]}<\/script>\n<!-- \/ Yoast SEO plugin. -->","yoast_head_json":{"title":"MAILLOT GARDIEN EXTERIEUR ENFANT - flf-shop.lu","description":"Maillot gardien ext\u00e9rieur vert fonc\u00e9 et blanc du Luxembourg pour enfants.","robots":{"index":"index","follow":"follow","max-snippet":"max-snippet:-1","max-image-preview":"max-image-preview:large","max-video-preview":"max-video-preview:-1"},"canonical":"https:\/\/flf-shop.lu\/?product=maillot-gardien-exterieur-enfant-2","og_locale":"fr_FR","og_type":"article","og_title":"MAILLOT GARDIEN EXTERIEUR ENFANT - flf-shop.lu","og_description":"Maillot gardien ext\u00e9rieur vert fonc\u00e9 et blanc du Luxembourg pour enfants.","og_url":"https:\/\/flf-shop.lu\/?product=maillot-gardien-exterieur-enfant-2","og_site_name":"flf-shop.lu","article_publisher":"https:\/\/www.facebook.com\/FLF.lu","article_modified_time":"2026-09-01T13:18:47+00:00","og_image":[{"width":1086,"height":1448,"url":"https:\/\/flf-shop.lu\/wp-content\/uploads\/2026\/08\/maillotfacevertJAKO.webp","type":"image\/webp"}],"twitter_card":"summary_large_image","twitter_misc":{"Dur\u00e9e de lecture estim\u00e9e":"1 minute"},"schema":{"@context":"https:\/\/schema.org","@graph":[{"@type":"WebPage","@id":"https:\/\/flf-shop.lu\/?product=maillot-gardien-exterieur-enfant-2","url":"https:\/\/flf-shop.lu\/?product=maillot-gardien-exterieur-enfant-2","name":"MAILLOT GARDIEN EXTERIEUR ENFANT - flf-shop.lu","isPartOf":{"@id":"https:\/\/flf-shop.lu\/#website"},"primaryImageOfPage":{"@id":"https:\/\/flf-shop.lu\/?product=maillot-gardien-exterieur-enfant-2#primaryimage"},"image":{"@id":"https:\/\/flf-shop.lu\/?product=maillot-gardien-exterieur-enfant-2#primaryimage"},"thumbnailUrl":"https:\/\/i0.wp.com\/flf-shop.lu\/wp-content\/uploads\/2026\/08\/maillotfacevertJAKO.webp?fit=1086%2C1448&quality=80&ssl=1","datePublished":"2026-09-01T13:18:45+00:00","dateModified":"2026-09-01T13:18:47+00:00","description":"Maillot gardien ext\u00e9rieur vert fonc\u00e9 et blanc du Luxembourg pour enfants.","breadcrumb":{"@id":"https:\/\/flf-shop.lu\/?product=maillot-gardien-exterieur-enfant-2#breadcrumb"},"inLanguage":"fr-FR","potentialAction":[{"@type":"ReadAction","target":["https:\/\/flf-shop.lu\/?product=maillot-gardien-exterieur-enfant-2"]}]},{"@type":"ImageObject","inLanguage":"fr-FR","@id":"https:\/\/flf-shop.lu\/?product=maillot-gardien-exterieur-enfant-2#primaryimage","url":"https:\/\/i0.wp.com\/flf-shop.lu\/wp-content\/uploads\/2026\/08\/maillotfacevertJAKO.webp?fit=1086%2C1448&quality=80&ssl=1","contentUrl":"https:\/\/i0.wp.com\/flf-shop.lu\/wp-content\/uploads\/2026\/08\/maillotfacevertJAKO.webp?fit=1086%2C1448&quality=80&ssl=1","width":1086,"height":1448},{"@type":"BreadcrumbList","@id":"https:\/\/flf-shop.lu\/?product=maillot-gardien-exterieur-enfant-2#breadcrumb","itemListElement":[{"@type":"ListItem","position":1,"name":"Accueil","item":"https:\/\/flf-shop.lu\/"},{"@type":"ListItem","position":2,"name":"Boutique","item":"https:\/\/flf-shop.lu\/?page_id=11833"},{"@type":"ListItem","position":3,"name":"MAILLOT GARDIEN EXTERIEUR ENFANT"}]},{"@type":"WebSite","@id":"https:\/\/flf-shop.lu\/#website","url":"https:\/\/flf-shop.lu\/","name":"flf-shop.lu","description":"Rejoins la team Roude L\u00e9iw !","publisher":{"@id":"https:\/\/flf-shop.lu\/#organization"},"potentialAction":[{"@type":"SearchAction","target":{"@type":"EntryPoint","urlTemplate":"https:\/\/flf-shop.lu\/?s={search_term_string}"},"query-input":{"@type":"PropertyValueSpecification","valueRequired":true,"valueName":"search_term_string"}}],"inLanguage":"fr-FR"},{"@type":"Organization","@id":"https:\/\/flf-shop.lu\/#organization","name":"flf-shop.lu","url":"https:\/\/flf-shop.lu\/","logo":{"@type":"ImageObject","inLanguage":"fr-FR","@id":"https:\/\/flf-shop.lu\/#\/schema\/logo\/image\/","url":"https:\/\/i0.wp.com\/flf-shop.lu\/wp-content\/uploads\/2024\/06\/cropped-231117_LUXEMBOURG-CREST_FULL-COL_CMYK-01-1.webp?fit=512%2C512&quality=80&ssl=1","contentUrl":"https:\/\/i0.wp.com\/flf-shop.lu\/wp-content\/uploads\/2024\/06\/cropped-231117_LUXEMBOURG-CREST_FULL-COL_CMYK-01-1.webp?fit=512%2C512&quality=80&ssl=1","width":512,"height":512,"caption":"flf-shop.lu"},"image":{"@id":"https:\/\/flf-shop.lu\/#\/schema\/logo\/image\/"},"sameAs":["https:\/\/www.facebook.com\/FLF.lu","https:\/\/www.instagram.com\/flf.lu\/"]}]}},"jetpack_sharing_enabled":true,"_links":{"self":[{"href":"https:\/\/flf-shop.lu\/index.php?rest_route=\/wp\/v2\/product\/18872","targetHints":{"allow":["GET"]}}],"collection":[{"href":"https:\/\/flf-shop.lu\/index.php?rest_route=\/wp\/v2\/product"}],"about":[{"href":"https:\/\/flf-shop.lu\/index.php?rest_route=\/wp\/v2\/types\/product"}],"wp:featuredmedia":[{"embeddable":true,"href":"https:\/\/flf-shop.lu\/index.php?rest_route=\/wp\/v2\/media\/19104"}],"wp:attachment":[{"href":"https:\/\/flf-shop.lu\/index.php?rest_route=%2Fwp%2Fv2%2Fmedia&parent=18872"}],"wp:term":[{"taxonomy":"product_brand","embeddable":true,"href":"https:\/\/flf-shop.lu\/index.php?rest_route=%2Fwp%2Fv2%2Fproduct_brand&post=18872"},{"taxonomy":"product_cat","embeddable":true,"href":"https:\/\/flf-shop.lu\/index.php?rest_route=%2Fwp%2Fv2%2Fproduct_cat&post=18872"},{"taxonomy":"product_tag","embeddable":true,"href":"https:\/\/flf-shop.lu\/index.php?rest_route=%2Fwp%2Fv2%2Fproduct_tag&post=18872"}],"curies":[{"name":"wp","href":"https:\/\/api.w.org\/{rel}","templated":true}]}}